{"id":25,"date":"2024-11-24T17:07:30","date_gmt":"2024-11-24T17:07:30","guid":{"rendered":"https:\/\/deuxdg.1704.org\/deuxdg\/?page_id=25"},"modified":"2024-11-26T14:24:14","modified_gmt":"2024-11-26T14:24:14","slug":"sobre-mi","status":"publish","type":"page","link":"https:\/\/deuxdg.1704.org\/deuxdg\/sobre-mi\/","title":{"rendered":"Sobre mi"},"content":{"rendered":"\t\t<div data-elementor-type=\"wp-page\" data-elementor-id=\"25\" class=\"elementor elementor-25\" data-elementor-post-type=\"page\">\n\t\t\t\t\t\t<section class=\"elementor-section elementor-top-section elementor-element elementor-element-f9f43a4 elementor-section-boxed elementor-section-height-default elementor-section-height-default\" data-id=\"f9f43a4\" data-element_type=\"section\">\n\t\t\t\t\t\t<div class=\"elementor-container elementor-column-gap-default\">\n\t\t\t\t\t<div class=\"elementor-column elementor-col-50 elementor-top-column elementor-element elementor-element-70147d8\" data-id=\"70147d8\" data-element_type=\"column\">\n\t\t\t<div class=\"elementor-widget-wrap elementor-element-populated\">\n\t\t\t\t\t\t<div class=\"elementor-element elementor-element-bbac069 elementor-widget elementor-widget-heading\" data-id=\"bbac069\" data-element_type=\"widget\" data-widget_type=\"heading.default\">\n\t\t\t\t<div class=\"elementor-widget-container\">\n\t\t\t<h2 class=\"elementor-heading-title elementor-size-default\">Semblanza:<\/h2>\t\t<\/div>\n\t\t\t\t<\/div>\n\t\t\t\t<div class=\"elementor-element elementor-element-ee291a6 elementor-widget elementor-widget-text-editor\" data-id=\"ee291a6\" data-element_type=\"widget\" data-widget_type=\"text-editor.default\">\n\t\t\t\t<div class=\"elementor-widget-container\">\n\t\t\t\t\t\t\t<p><strong>Soy un dise\u00f1ador gr\u00e1fico en proceso de culminar su formaci\u00f3n acad\u00e9mica en la Facultad de Arquitectura y dise\u00f1o de la UAEM\u00e9x. A lo largo de mi trayectoria como estudiante, he intentado destacar por mi creatividad, atenci\u00f3n al detalle y pasi\u00f3n por la comunicaci\u00f3n visual.<\/strong><\/p><p><strong>Con un enfoque orientado al detalle y a las necesidades del cliente, estoy listo para contribuir con soluciones visuales \u00fanicas que conecten marcas con sus audiencias. Mi energ\u00eda, disposici\u00f3n para aprender y creatividad me convierten en un profesional con gran potencial para crecer en la industria del dise\u00f1o.<\/strong><\/p><p>\u00a0<\/p>\t\t\t\t\t\t<\/div>\n\t\t\t\t<\/div>\n\t\t\t\t\t<\/div>\n\t\t<\/div>\n\t\t\t\t<div class=\"elementor-column elementor-col-50 elementor-top-column elementor-element elementor-element-21f1d20\" data-id=\"21f1d20\" data-element_type=\"column\">\n\t\t\t<div class=\"elementor-widget-wrap elementor-element-populated\">\n\t\t\t\t\t\t<div class=\"elementor-element elementor-element-ae0a9ab elementor-widget elementor-widget-image\" data-id=\"ae0a9ab\" data-element_type=\"widget\" data-widget_type=\"image.default\">\n\t\t\t\t<div class=\"elementor-widget-container\">\n\t\t\t\t\t\t\t\t\t\t\t\t\t<img fetchpriority=\"high\" decoding=\"async\" width=\"800\" height=\"759\" src=\"https:\/\/deuxdg.1704.org\/deuxdg\/wp-content\/uploads\/2024\/11\/20241126_071800-1024x971.jpg\" class=\"attachment-large size-large wp-image-92\" alt=\"\" srcset=\"https:\/\/deuxdg.1704.org\/deuxdg\/wp-content\/uploads\/2024\/11\/20241126_071800-1024x971.jpg 1024w, https:\/\/deuxdg.1704.org\/deuxdg\/wp-content\/uploads\/2024\/11\/20241126_071800-300x284.jpg 300w, https:\/\/deuxdg.1704.org\/deuxdg\/wp-content\/uploads\/2024\/11\/20241126_071800-768x728.jpg 768w, https:\/\/deuxdg.1704.org\/deuxdg\/wp-content\/uploads\/2024\/11\/20241126_071800.jpg 1487w\" sizes=\"(max-width: 800px) 100vw, 800px\" \/>\t\t\t\t\t\t\t\t\t\t\t\t\t<\/div>\n\t\t\t\t<\/div>\n\t\t\t\t\t<\/div>\n\t\t<\/div>\n\t\t\t\t\t<\/div>\n\t\t<\/section>\n\t\t\t\t<section class=\"elementor-section elementor-top-section elementor-element elementor-element-fb4ec66 elementor-section-boxed elementor-section-height-default elementor-section-height-default\" data-id=\"fb4ec66\" data-element_type=\"section\">\n\t\t\t\t\t\t<div class=\"elementor-container elementor-column-gap-default\">\n\t\t\t\t\t<div class=\"elementor-column elementor-col-100 elementor-top-column elementor-element elementor-element-72f9fad\" data-id=\"72f9fad\" data-element_type=\"column\">\n\t\t\t<div class=\"elementor-widget-wrap elementor-element-populated\">\n\t\t\t\t\t\t<div class=\"elementor-element elementor-element-b848584 elementor-widget elementor-widget-heading\" data-id=\"b848584\" data-element_type=\"widget\" data-widget_type=\"heading.default\">\n\t\t\t\t<div class=\"elementor-widget-container\">\n\t\t\t<h2 class=\"elementor-heading-title elementor-size-default\">Mi curr\u00edculum<\/h2>\t\t<\/div>\n\t\t\t\t<\/div>\n\t\t\t\t\t<\/div>\n\t\t<\/div>\n\t\t\t\t\t<\/div>\n\t\t<\/section>\n\t\t\t\t<section class=\"elementor-section elementor-top-section elementor-element elementor-element-5882a74 elementor-section-boxed elementor-section-height-default elementor-section-height-default\" data-id=\"5882a74\" data-element_type=\"section\">\n\t\t\t\t\t\t<div class=\"elementor-container elementor-column-gap-default\">\n\t\t\t\t\t<div class=\"elementor-column elementor-col-100 elementor-top-column elementor-element elementor-element-afbf8c1\" data-id=\"afbf8c1\" data-element_type=\"column\">\n\t\t\t<div class=\"elementor-widget-wrap elementor-element-populated\">\n\t\t\t\t\t\t<div class=\"elementor-element elementor-element-1121b96 elementor-widget elementor-widget-image\" data-id=\"1121b96\" data-element_type=\"widget\" data-widget_type=\"image.default\">\n\t\t\t\t<div class=\"elementor-widget-container\">\n\t\t\t\t\t\t\t\t\t\t\t\t\t<img decoding=\"async\" width=\"800\" height=\"605\" src=\"https:\/\/deuxdg.1704.org\/deuxdg\/wp-content\/uploads\/2024\/11\/curriculum-eddy-ojeda-final-1024x774.jpg\" class=\"attachment-large size-large wp-image-85\" alt=\"\" srcset=\"https:\/\/deuxdg.1704.org\/deuxdg\/wp-content\/uploads\/2024\/11\/curriculum-eddy-ojeda-final-1024x774.jpg 1024w, https:\/\/deuxdg.1704.org\/deuxdg\/wp-content\/uploads\/2024\/11\/curriculum-eddy-ojeda-final-300x227.jpg 300w, https:\/\/deuxdg.1704.org\/deuxdg\/wp-content\/uploads\/2024\/11\/curriculum-eddy-ojeda-final-768x581.jpg 768w, https:\/\/deuxdg.1704.org\/deuxdg\/wp-content\/uploads\/2024\/11\/curriculum-eddy-ojeda-final.jpg 1280w\" sizes=\"(max-width: 800px) 100vw, 800px\" \/>\t\t\t\t\t\t\t\t\t\t\t\t\t<\/div>\n\t\t\t\t<\/div>\n\t\t\t\t\t<\/div>\n\t\t<\/div>\n\t\t\t\t\t<\/div>\n\t\t<\/section>\n\t\t\t\t<section class=\"elementor-section elementor-top-section elementor-element elementor-element-7f5b0b5 elementor-section-boxed elementor-section-height-default elementor-section-height-default\" data-id=\"7f5b0b5\" data-element_type=\"section\">\n\t\t\t\t\t\t<div class=\"elementor-container elementor-column-gap-default\">\n\t\t\t\t\t<div class=\"elementor-column elementor-col-100 elementor-top-column elementor-element elementor-element-d384b02\" data-id=\"d384b02\" data-element_type=\"column\">\n\t\t\t<div class=\"elementor-widget-wrap elementor-element-populated\">\n\t\t\t\t\t\t<div class=\"elementor-element elementor-element-ac07da9 elementor-align-center elementor-widget elementor-widget-button\" data-id=\"ac07da9\" data-element_type=\"widget\" data-widget_type=\"button.default\">\n\t\t\t\t<div class=\"elementor-widget-container\">\n\t\t\t\t\t\t\t<div class=\"elementor-button-wrapper\">\n\t\t\t\t\t<a class=\"elementor-button elementor-button-link elementor-size-sm\" href=\"https:\/\/drive.google.com\/drive\/folders\/1ha1y5asDxr0ZN3h-RzoWpJluhLGE7BaF?usp=sharing\">\n\t\t\t\t\t\t<span class=\"elementor-button-content-wrapper\">\n\t\t\t\t\t\t\t\t\t<span class=\"elementor-button-text\">Descargar<\/span>\n\t\t\t\t\t<\/span>\n\t\t\t\t\t<\/a>\n\t\t\t\t<\/div>\n\t\t\t\t\t\t<\/div>\n\t\t\t\t<\/div>\n\t\t\t\t\t<\/div>\n\t\t<\/div>\n\t\t\t\t\t<\/div>\n\t\t<\/section>\n\t\t\t\t<\/div>\n\t\t","protected":false},"excerpt":{"rendered":"<p>Semblanza: Soy un dise\u00f1ador gr\u00e1fico en proceso de culminar su formaci\u00f3n acad\u00e9mica en la Facultad de Arquitectura y dise\u00f1o de la UAEM\u00e9x. A lo largo de mi trayectoria como estudiante, he intentado destacar por mi creatividad, atenci\u00f3n al detalle y pasi\u00f3n por la comunicaci\u00f3n visual. Con un enfoque orientado al detalle y a las necesidades [&hellip;]<\/p>\n","protected":false},"author":1,"featured_media":0,"parent":0,"menu_order":0,"comment_status":"closed","ping_status":"closed","template":"","meta":{"footnotes":""},"class_list":["post-25","page","type-page","status-publish","hentry"],"_links":{"self":[{"href":"https:\/\/deuxdg.1704.org\/deuxdg\/wp-json\/wp\/v2\/pages\/25","targetHints":{"allow":["GET"]}}],"collection":[{"href":"https:\/\/deuxdg.1704.org\/deuxdg\/wp-json\/wp\/v2\/pages"}],"about":[{"href":"https:\/\/deuxdg.1704.org\/deuxdg\/wp-json\/wp\/v2\/types\/page"}],"author":[{"embeddable":true,"href":"https:\/\/deuxdg.1704.org\/deuxdg\/wp-json\/wp\/v2\/users\/1"}],"replies":[{"embeddable":true,"href":"https:\/\/deuxdg.1704.org\/deuxdg\/wp-json\/wp\/v2\/comments?post=25"}],"version-history":[{"count":19,"href":"https:\/\/deuxdg.1704.org\/deuxdg\/wp-json\/wp\/v2\/pages\/25\/revisions"}],"predecessor-version":[{"id":155,"href":"https:\/\/deuxdg.1704.org\/deuxdg\/wp-json\/wp\/v2\/pages\/25\/revisions\/155"}],"wp:attachment":[{"href":"https:\/\/deuxdg.1704.org\/deuxdg\/wp-json\/wp\/v2\/media?parent=25"}],"curies":[{"name":"wp","href":"https:\/\/api.w.org\/{rel}","templated":true}]}}